{"id":3372,"date":"2025-03-24T16:28:00","date_gmt":"2025-03-24T16:28:00","guid":{"rendered":"https:\/\/campusbiostg.wpenginepowered.com\/events\/neuro-connect-tuesday-seminar\/"},"modified":"2025-03-24T16:29:05","modified_gmt":"2025-03-24T16:29:05","slug":"seminaire-neuro-connect","status":"publish","type":"events","link":"https:\/\/campusbiotech.ch\/fr\/events\/seminaire-neuro-connect\/","title":{"rendered":"S\u00e9minaire NEURO-CONNECT"},"content":{"rendered":"<p>Chers tous et toutes,<\/p>\n<p>Vous \u00eates cordialement invit\u00e9s au prochain s\u00e9minaire <b>NEURO-Connect<\/b>, qui aura lieu le <b>1er avril \u00e0 12h15<\/b> au Campus Biotech.<\/p>\n<p>Les s\u00e9minaires NEURO-Connect visent \u00e0 pr\u00e9senter les diff\u00e9rents domaines de la communaut\u00e9 neuroscientifique du Campus Biotech, allant de la cognition et des \u00e9motions \u00e0 la neurobiologie et \u00e0 la neuroing\u00e9nierie, avec le soutien de toutes les institutions actives sur le site, y compris l&rsquo;UNIGE (NEUFO, CISA, FPSE), le PRN Evolving Language, l&rsquo;EPFL (Neuro-X), les HUG, le CIBM et le Wyss Center, et avec le soutien de la Fondation Campus Biotech Gen\u00e8ve.<\/p>\n<p>La prochaine session sera organis\u00e9e par NEUFO. <b>Pascal Belin <\/b>(Institut de Neurosciences de la Timone, Marseille, France), qui pr\u00e9sentera un expos\u00e9 intitul\u00e9 \u00ab Comparative Investigations of Cerebral Voice Processing in Primates \u00bb (\u00c9tudes comparatives du traitement c\u00e9r\u00e9bral de la voix chez les primates). Veuillez consulter le r\u00e9sum\u00e9 et les autres d\u00e9tails ci-dessous.<\/p>\n<p>Des rencontres priv\u00e9es avec le professeur Belin peuvent \u00eatre organis\u00e9es, et les chercheurs en d\u00e9but de carri\u00e8re (ECR, par exemple doctorants et postdoctorants) sont encourag\u00e9s \u00e0 se joindre \u00e0 l&rsquo;orateur invit\u00e9 pour un d\u00e9jeuner de r\u00e9seautage offert par le FCBG (10 places, premier arriv\u00e9, premier servi). Pour indiquer votre souhait de rencontrer individuellement le professeur Belin, ou pour vous inscrire au d\u00e9jeuner ECR apr\u00e8s la conf\u00e9rence, veuillez remplir le questionnaire suivant<b> jusqu&rsquo;au mercredi 26 mars<\/b> : <a href=\"https:\/\/fcbg.us2.list-manage.com\/track\/click?u=3c1bf19bd84b4f3623be2716a&amp;id=1e5cef9675&amp;e=82421560d9\"><b>Lunch registration<\/b><\/a>. Ce d\u00e9lai est n\u00e9cessaire pour pouvoir organiser correctement l&rsquo;horaire et commander \u00e0 temps le nombre correct de repas. Nous vous remercions de votre coop\u00e9ration.<\/p>\n<p>Les doctorants peuvent recevoir des cr\u00e9dits pour leur participation, n&rsquo;oubliez pas de faire signer votre feuille de pr\u00e9sence.<\/p>\n<p>Pour toute question concernant cet \u00e9v\u00e9nement, vous pouvez contacter l&rsquo;organisateur de la session \u00e0 l&rsquo;adresse timothee.Proix@unige.ch.<\/p>\n<p>Au plaisir de vous voir \u00e0 NEURO-Connect.<\/p>\n<p>L&rsquo;\u00e9quipe organisatrice<\/p>\n<p>*************************<\/p>\n<p>S\u00e9minaires NEURO-CONNECT<br \/>\nMardi 1er avril 2025<br \/>\n12:15<br \/>\nCampus Biotech, H4-02-A<\/p>\n<p><b>Pascal Belin <\/b>(Institut de Neurosciences de la Timone, Marseille, France)<\/p>\n<p><i>\u00c9tudes comparatives du traitement c\u00e9r\u00e9bral de la voix chez les primates<\/i><\/p>\n<p>Je pr\u00e9senterai une s\u00e9rie d&rsquo;\u00e9tudes d&rsquo;IRM fonctionnelle et d&rsquo;\u00e9lectrophysiologie portant sur les bases neuronales du traitement de l&rsquo;information vocale dans le cortex auditif des primates.\u00a0 Les \u00e9tudes d&rsquo;IRMf chez l&rsquo;homme ont permis d&rsquo;identifier un r\u00e9seau de zones particuli\u00e8rement sollicit\u00e9es par les voix, qu&rsquo;il s&rsquo;agisse de paroles ou non. Un r\u00e9seau central de ce \u00ab cerveau vocal \u00bb est centr\u00e9 sur les \u00ab aires vocales temporales \u00bb (AVT) bilat\u00e9rales du cortex auditif secondaire, qui s&rsquo;\u00e9tendent aux aires pr\u00e9frontales inf\u00e9rieures bilat\u00e9rales et aux aires sous-corticales.\u00a0 Les aires vocales temporales ont \u00e9galement \u00e9t\u00e9 identifi\u00e9es par IRMf chez les macaques et, plus r\u00e9cemment, chez les ouistitis, ce qui sugg\u00e8re l&rsquo;existence d&rsquo;un cerveau vocal datant de l&rsquo;\u00e9volution. L&rsquo;\u00e9lectrophysiologie guid\u00e9e par IRMf chez les primates non humains offre une fen\u00eatre unique sur les m\u00e9canismes neuronaux du traitement de l&rsquo;information vocale. Nous pr\u00e9senterons les r\u00e9sultats r\u00e9cents de l&rsquo;examen des taux de stimulation de populations de neurones individuels dans le cortex sensible \u00e0 la voix des macaques, confirmant l&rsquo;existence de \u00ab cellules vocales \u00bb et d\u00e9couvrant des cellules s\u00e9lectives insoup\u00e7onn\u00e9es chez l&rsquo;homme.<\/p>\n<p>Zoom:<br \/>\n<a href=\"https:\/\/fcbg.us2.list-manage.com\/track\/click?u=3c1bf19bd84b4f3623be2716a&amp;id=ed951be830&amp;e=82421560d9\">https:\/\/us06web.zoom.us\/j\/85214333449?pwd=Gqyn4bGIaaQbQLeqL22s5ntA6bXM2m.1<br \/>\n<\/a>Identifiant de la r\u00e9union: 852 1433 3449<br \/>\nCode d&rsquo;acc\u00e8s: 725766<\/p>\n<p><i>Disclaimer : les s\u00e9minaires Neuro-Connect sont enregistr\u00e9s. En y participant, vous autorisez la capture et l&rsquo;utilisation \u00e9ventuelles de votre image ou de votre voix dans des enregistrements audiovisuels r\u00e9alis\u00e9s au cours de l&rsquo;\u00e9v\u00e9nement.<\/i><\/p>\n","protected":false},"author":2,"featured_media":3371,"template":"","meta":{"_acf_changed":false,"inline_featured_image":false},"event_types":[44],"class_list":["post-3372","events","type-events","status-publish","has-post-thumbnail","hentry","event_types-conference-fr"],"acf":[],"yoast_head":"<!-- This site is optimized with the Yoast SEO plugin v27.3 - https:\/\/yoast.com\/product\/yoast-seo-wordpress\/ -->\n<title>S\u00e9minaire NEURO-CONNECT - Campus Biotech<\/title>\n<meta name=\"robots\" content=\"index, follow, max-snippet:-1, max-image-preview:large, max-video-preview:-1\" \/>\n<link rel=\"canonical\" href=\"https:\/\/campusbiotech.ch\/fr\/events\/seminaire-neuro-connect\/\" \/>\n<meta property=\"og:locale\" content=\"fr_FR\" \/>\n<meta property=\"og:type\" content=\"article\" \/>\n<meta property=\"og:title\" content=\"S\u00e9minaire NEURO-CONNECT - Campus Biotech\" \/>\n<meta property=\"og:description\" content=\"Chers tous et toutes, Vous \u00eates cordialement invit\u00e9s au prochain s\u00e9minaire NEURO-Connect, qui aura lieu le 1er avril \u00e0 12h15 au Campus Biotech. Les s\u00e9minaires NEURO-Connect visent \u00e0 pr\u00e9senter les diff\u00e9rents domaines de la communaut\u00e9 neuroscientifique du Campus Biotech, allant de la cognition et des \u00e9motions \u00e0 la neurobiologie et \u00e0 la neuroing\u00e9nierie, avec le [&hellip;]\" \/>\n<meta property=\"og:url\" content=\"https:\/\/campusbiotech.ch\/fr\/events\/seminaire-neuro-connect\/\" \/>\n<meta property=\"og:site_name\" content=\"Campus Biotech\" \/>\n<meta property=\"article:modified_time\" content=\"2025-03-24T16:29:05+00:00\" \/>\n<meta property=\"og:image\" content=\"https:\/\/campusbiotech.ch\/wp-content\/uploads\/2025\/03\/img_events_neuroconnect.png\" \/>\n\t<meta property=\"og:image:width\" content=\"1920\" \/>\n\t<meta property=\"og:image:height\" content=\"1080\" \/>\n\t<meta property=\"og:image:type\" content=\"image\/png\" \/>\n<meta name=\"twitter:card\" content=\"summary_large_image\" \/>\n<meta name=\"twitter:label1\" content=\"Est. reading time\" \/>\n\t<meta name=\"twitter:data1\" content=\"3 minutes\" \/>\n<script type=\"application\/ld+json\" class=\"yoast-schema-graph\">{\"@context\":\"https:\\\/\\\/schema.org\",\"@graph\":[{\"@type\":\"WebPage\",\"@id\":\"https:\\\/\\\/campusbiotech.ch\\\/fr\\\/events\\\/seminaire-neuro-connect\\\/\",\"url\":\"https:\\\/\\\/campusbiotech.ch\\\/fr\\\/events\\\/seminaire-neuro-connect\\\/\",\"name\":\"S\u00e9minaire NEURO-CONNECT - Campus Biotech\",\"isPartOf\":{\"@id\":\"https:\\\/\\\/campusbiotech.ch\\\/#website\"},\"primaryImageOfPage\":{\"@id\":\"https:\\\/\\\/campusbiotech.ch\\\/fr\\\/events\\\/seminaire-neuro-connect\\\/#primaryimage\"},\"image\":{\"@id\":\"https:\\\/\\\/campusbiotech.ch\\\/fr\\\/events\\\/seminaire-neuro-connect\\\/#primaryimage\"},\"thumbnailUrl\":\"https:\\\/\\\/campusbiotech.ch\\\/wp-content\\\/uploads\\\/2025\\\/03\\\/img_events_neuroconnect.png\",\"datePublished\":\"2025-03-24T16:28:00+00:00\",\"dateModified\":\"2025-03-24T16:29:05+00:00\",\"breadcrumb\":{\"@id\":\"https:\\\/\\\/campusbiotech.ch\\\/fr\\\/events\\\/seminaire-neuro-connect\\\/#breadcrumb\"},\"inLanguage\":\"fr-FR\",\"potentialAction\":[{\"@type\":\"ReadAction\",\"target\":[\"https:\\\/\\\/campusbiotech.ch\\\/fr\\\/events\\\/seminaire-neuro-connect\\\/\"]}]},{\"@type\":\"ImageObject\",\"inLanguage\":\"fr-FR\",\"@id\":\"https:\\\/\\\/campusbiotech.ch\\\/fr\\\/events\\\/seminaire-neuro-connect\\\/#primaryimage\",\"url\":\"https:\\\/\\\/campusbiotech.ch\\\/wp-content\\\/uploads\\\/2025\\\/03\\\/img_events_neuroconnect.png\",\"contentUrl\":\"https:\\\/\\\/campusbiotech.ch\\\/wp-content\\\/uploads\\\/2025\\\/03\\\/img_events_neuroconnect.png\",\"width\":1920,\"height\":1080},{\"@type\":\"BreadcrumbList\",\"@id\":\"https:\\\/\\\/campusbiotech.ch\\\/fr\\\/events\\\/seminaire-neuro-connect\\\/#breadcrumb\",\"itemListElement\":[{\"@type\":\"ListItem\",\"position\":1,\"name\":\"Home\",\"item\":\"https:\\\/\\\/campusbiotech.ch\\\/fr\\\/\"},{\"@type\":\"ListItem\",\"position\":2,\"name\":\"Events\",\"item\":\"https:\\\/\\\/campusbiotech.ch\\\/events\\\/\"},{\"@type\":\"ListItem\",\"position\":3,\"name\":\"S\u00e9minaire NEURO-CONNECT\"}]},{\"@type\":\"WebSite\",\"@id\":\"https:\\\/\\\/campusbiotech.ch\\\/#website\",\"url\":\"https:\\\/\\\/campusbiotech.ch\\\/\",\"name\":\"Campus Biotech\",\"description\":\"Where Science meets Life\",\"potentialAction\":[{\"@type\":\"SearchAction\",\"target\":{\"@type\":\"EntryPoint\",\"urlTemplate\":\"https:\\\/\\\/campusbiotech.ch\\\/?s={search_term_string}\"},\"query-input\":{\"@type\":\"PropertyValueSpecification\",\"valueRequired\":true,\"valueName\":\"search_term_string\"}}],\"inLanguage\":\"fr-FR\"}]}<\/script>\n<!-- \/ Yoast SEO plugin. -->","yoast_head_json":{"title":"S\u00e9minaire NEURO-CONNECT - Campus Biotech","robots":{"index":"index","follow":"follow","max-snippet":"max-snippet:-1","max-image-preview":"max-image-preview:large","max-video-preview":"max-video-preview:-1"},"canonical":"https:\/\/campusbiotech.ch\/fr\/events\/seminaire-neuro-connect\/","og_locale":"fr_FR","og_type":"article","og_title":"S\u00e9minaire NEURO-CONNECT - Campus Biotech","og_description":"Chers tous et toutes, Vous \u00eates cordialement invit\u00e9s au prochain s\u00e9minaire NEURO-Connect, qui aura lieu le 1er avril \u00e0 12h15 au Campus Biotech. Les s\u00e9minaires NEURO-Connect visent \u00e0 pr\u00e9senter les diff\u00e9rents domaines de la communaut\u00e9 neuroscientifique du Campus Biotech, allant de la cognition et des \u00e9motions \u00e0 la neurobiologie et \u00e0 la neuroing\u00e9nierie, avec le [&hellip;]","og_url":"https:\/\/campusbiotech.ch\/fr\/events\/seminaire-neuro-connect\/","og_site_name":"Campus Biotech","article_modified_time":"2025-03-24T16:29:05+00:00","og_image":[{"width":1920,"height":1080,"url":"https:\/\/campusbiotech.ch\/wp-content\/uploads\/2025\/03\/img_events_neuroconnect.png","type":"image\/png"}],"twitter_card":"summary_large_image","twitter_misc":{"Est. reading time":"3 minutes"},"schema":{"@context":"https:\/\/schema.org","@graph":[{"@type":"WebPage","@id":"https:\/\/campusbiotech.ch\/fr\/events\/seminaire-neuro-connect\/","url":"https:\/\/campusbiotech.ch\/fr\/events\/seminaire-neuro-connect\/","name":"S\u00e9minaire NEURO-CONNECT - Campus Biotech","isPartOf":{"@id":"https:\/\/campusbiotech.ch\/#website"},"primaryImageOfPage":{"@id":"https:\/\/campusbiotech.ch\/fr\/events\/seminaire-neuro-connect\/#primaryimage"},"image":{"@id":"https:\/\/campusbiotech.ch\/fr\/events\/seminaire-neuro-connect\/#primaryimage"},"thumbnailUrl":"https:\/\/campusbiotech.ch\/wp-content\/uploads\/2025\/03\/img_events_neuroconnect.png","datePublished":"2025-03-24T16:28:00+00:00","dateModified":"2025-03-24T16:29:05+00:00","breadcrumb":{"@id":"https:\/\/campusbiotech.ch\/fr\/events\/seminaire-neuro-connect\/#breadcrumb"},"inLanguage":"fr-FR","potentialAction":[{"@type":"ReadAction","target":["https:\/\/campusbiotech.ch\/fr\/events\/seminaire-neuro-connect\/"]}]},{"@type":"ImageObject","inLanguage":"fr-FR","@id":"https:\/\/campusbiotech.ch\/fr\/events\/seminaire-neuro-connect\/#primaryimage","url":"https:\/\/campusbiotech.ch\/wp-content\/uploads\/2025\/03\/img_events_neuroconnect.png","contentUrl":"https:\/\/campusbiotech.ch\/wp-content\/uploads\/2025\/03\/img_events_neuroconnect.png","width":1920,"height":1080},{"@type":"BreadcrumbList","@id":"https:\/\/campusbiotech.ch\/fr\/events\/seminaire-neuro-connect\/#breadcrumb","itemListElement":[{"@type":"ListItem","position":1,"name":"Home","item":"https:\/\/campusbiotech.ch\/fr\/"},{"@type":"ListItem","position":2,"name":"Events","item":"https:\/\/campusbiotech.ch\/events\/"},{"@type":"ListItem","position":3,"name":"S\u00e9minaire NEURO-CONNECT"}]},{"@type":"WebSite","@id":"https:\/\/campusbiotech.ch\/#website","url":"https:\/\/campusbiotech.ch\/","name":"Campus Biotech","description":"Where Science meets Life","potentialAction":[{"@type":"SearchAction","target":{"@type":"EntryPoint","urlTemplate":"https:\/\/campusbiotech.ch\/?s={search_term_string}"},"query-input":{"@type":"PropertyValueSpecification","valueRequired":true,"valueName":"search_term_string"}}],"inLanguage":"fr-FR"}]}},"_links":{"self":[{"href":"https:\/\/campusbiotech.ch\/fr\/wp-json\/wp\/v2\/events\/3372","targetHints":{"allow":["GET"]}}],"collection":[{"href":"https:\/\/campusbiotech.ch\/fr\/wp-json\/wp\/v2\/events"}],"about":[{"href":"https:\/\/campusbiotech.ch\/fr\/wp-json\/wp\/v2\/types\/events"}],"author":[{"embeddable":true,"href":"https:\/\/campusbiotech.ch\/fr\/wp-json\/wp\/v2\/users\/2"}],"wp:featuredmedia":[{"embeddable":true,"href":"https:\/\/campusbiotech.ch\/fr\/wp-json\/wp\/v2\/media\/3371"}],"wp:attachment":[{"href":"https:\/\/campusbiotech.ch\/fr\/wp-json\/wp\/v2\/media?parent=3372"}],"wp:term":[{"taxonomy":"event_types","embeddable":true,"href":"https:\/\/campusbiotech.ch\/fr\/wp-json\/wp\/v2\/event_types?post=3372"}],"curies":[{"name":"wp","href":"https:\/\/api.w.org\/{rel}","templated":true}]}}