{"id":3435,"date":"2025-04-02T08:56:59","date_gmt":"2025-04-02T08:56:59","guid":{"rendered":"https:\/\/campusbiostg.wpenginepowered.com\/events\/neuro-connect-tuesday-seminar-april-15th-1215-1315-pm\/"},"modified":"2025-04-02T08:58:26","modified_gmt":"2025-04-02T08:58:26","slug":"neuro-connect-tuesday-seminar-april-15th-1215-1315-pm","status":"publish","type":"events","link":"https:\/\/campusbiotech.ch\/fr\/events\/neuro-connect-tuesday-seminar-april-15th-1215-1315-pm\/","title":{"rendered":"NEURO-CONNECT Tuesday Seminar &#8211; April 15th, 12:15 &#8211; 13:15 pm"},"content":{"rendered":"<p>Bonjour \u00e0 tous et \u00e0 toutes,<\/p>\n<p>Vous \u00eates cordialement invit\u00e9s au prochain s\u00e9minaire NEURO-Connect, qui aura lieu le 15 avril \u00e0 12h15 au Campus Biotech.<\/p>\n<p>Les s\u00e9minaires NEURO-Connect visent \u00e0 pr\u00e9senter les diff\u00e9rents domaines de la communaut\u00e9 neuroscientifique du Campus Biotech, allant de la cognition et des \u00e9motions \u00e0 la neurobiologie et \u00e0 la neuroing\u00e9nierie, avec le soutien de toutes les institutions actives sur le site, y compris l&rsquo;UNIGE (NEUFO, CISA, FPSE), le PRN Evolving Language, l&rsquo;EPFL (Neuro-X), les HUG, le CIBM et le Wyss Center, et avec le soutien de la Fondation Campus Biotech Gen\u00e8ve.<\/p>\n<p>La prochaine session sera organis\u00e9e par la CISA. John O&rsquo;Doherty (California Institute of Technology), qui pr\u00e9sentera un expos\u00e9 intitul\u00e9 \u00ab The brain as a mixture of experts : the neurocomputational basis of multiple parallel systems for learning and control \u00bb (Le cerveau comme un m\u00e9lange d&rsquo;experts : la base neuro-informatique de multiples syst\u00e8mes parall\u00e8les pour l&rsquo;apprentissage et le contr\u00f4le). Voir le r\u00e9sum\u00e9 et les autres d\u00e9tails ci-dessous.<\/p>\n<p>Des rencontres priv\u00e9es avec le professeur O&rsquo;Doherty peuvent \u00eatre organis\u00e9es, et les chercheurs en d\u00e9but de carri\u00e8re (ECR, par exemple doctorants et postdoctorants) sont encourag\u00e9s \u00e0 se joindre \u00e0 l&rsquo;orateur invit\u00e9 pour un lunch de r\u00e9seautage offert par le FCBG (10 places, premier arriv\u00e9, premier servi). Pour indiquer votre souhait de rencontrer individuellement le professeur O&rsquo;Doherty, ou pour vous inscrire au lunch ECR apr\u00e8s la conf\u00e9rence, veuillez remplir le questionnaire suivant jusqu&rsquo;au mercredi 15 avril : <a href=\"https:\/\/forms.office.com\/Pages\/ResponsePage.aspx?id=Jg9wwWxksk6sEtafbTRd0_HFBjKQiRdHlL7sLWqpFtJUQkxSUFFERzRKV0IzTDlTS0Y2V0dSWTZQUC4u\">Inscription au lunch<\/a>. Ce d\u00e9lai est n\u00e9cessaire pour pouvoir organiser correctement l&rsquo;horaire et commander \u00e0 temps le nombre correct de repas. Nous vous remercions de votre coop\u00e9ration.<\/p>\n<p>Les doctorants peuvent recevoir des cr\u00e9dits pour leur participation, n&rsquo;oubliez pas de faire signer votre feuille de pr\u00e9sence.<\/p>\n<p>Pour toute question concernant cet \u00e9v\u00e9nement, vous pouvez contacter les organisateurs de la session \u00e0 l&rsquo;adresse suivante : <a href=\"mailto:cristina.soriano@unige.ch\">cristina.soriano@unige.ch<\/a>.<\/p>\n<p>Nous nous r\u00e9jouissons de vous voir \u00e0 NEURO-Connect.<\/p>\n<p>L&rsquo;\u00e9quipe organisatrice<\/p>\n<p>*************************<\/p>\n<p>S\u00e9minaires NEURO-CONNECT<br \/>\nMardi 15 avril<br \/>\n12:15<br \/>\nCampus Biotech, H8-01-D<\/p>\n<p>John O&rsquo;Doherty (Institut de technologie de Californie)<\/p>\n<p>Le cerveau, un m\u00e9lange d&rsquo;experts : la base neuro-informatique de multiples syst\u00e8mes parall\u00e8les pour l&rsquo;apprentissage et le contr\u00f4le<\/p>\n<p>Il a longtemps \u00e9t\u00e9 sugg\u00e9r\u00e9 que le comportement humain pouvait \u00eatre compris comme refl\u00e9tant les contributions de multiples syst\u00e8mes qui coop\u00e8rent ou rivalisent pour le contr\u00f4le du comportement. Nous sugg\u00e9rons ici que le cerveau peut \u00eatre consid\u00e9r\u00e9 comme un \u00ab m\u00e9lange d&rsquo;experts \u00bb dans lequel de multiples syst\u00e8mes experts diff\u00e9rents proposent des strat\u00e9gies d&rsquo;action. J&rsquo;examinerai ici comment le cerveau d\u00e9termine quel syst\u00e8me doit contr\u00f4ler le comportement \u00e0 un moment donn\u00e9. Je soutiendrai que cela se fait en gardant une trace de la fiabilit\u00e9 des pr\u00e9dictions de chaque syst\u00e8me et en attribuant le contr\u00f4le du comportement d&rsquo;une mani\u00e8re qui est proportionnelle \u00e0 la fiabilit\u00e9 relative de ces pr\u00e9dictions. Je pr\u00e9senterai des preuves comportementales de l&rsquo;existence d&rsquo;un m\u00e9canisme de contr\u00f4le bas\u00e9 sur la fiabilit\u00e9 fonctionnant sur plusieurs experts chez l&rsquo;homme. Il s&rsquo;agit notamment de strat\u00e9gies d&rsquo;apprentissage par renforcement avec ou sans mod\u00e8le qui apprennent \u00e0 s\u00e9lectionner des actions sur la base de l&rsquo;exp\u00e9rience directe, d&rsquo;experts qui apprennent \u00e0 s\u00e9lectionner des actions en observant le comportement d&rsquo;autres agents, ainsi que d&rsquo;un syst\u00e8me qui entreprend des actions par r\u00e9flexe en se basant uniquement sur des affordances visuelles. Je pr\u00e9senterai ensuite des donn\u00e9es de neuro-imagerie et de neurostimulation qui sugg\u00e8rent une contribution sp\u00e9cifique du cortex pr\u00e9frontal ventrolat\u00e9ral dans ce processus d&rsquo;arbitrage bas\u00e9 sur la fiabilit\u00e9. Les r\u00e9sultats de l&rsquo;\u00e9tude de diff\u00e9rents syst\u00e8mes experts dans les domaines de l&rsquo;exp\u00e9rience et de l&rsquo;apprentissage social laissent entrevoir la possibilit\u00e9 que ce m\u00e9canisme de contr\u00f4le bas\u00e9 sur la fiabilit\u00e9 soit g\u00e9n\u00e9ral au domaine, exer\u00e7ant un contr\u00f4le sur de nombreux syst\u00e8mes experts diff\u00e9rents simultan\u00e9ment afin de produire un comportement sophistiqu\u00e9.<\/p>\n<p>Zoom:<a href=\"https:\/\/fcbg.us2.list-manage.com\/track\/click?u=3c1bf19bd84b4f3623be2716a&amp;id=ada978c5c1&amp;e=82421560d9\">https:\/\/us06web.zoom.us\/j\/85214333449?pwd=Gqyn4bGIaaQbQLeqL22s5ntA6bXM2m.1<\/a><br \/>\nMeeting ID: 852 1433 3449<br \/>\nPasscode: 725766<\/p>\n<p>Clause de non-responsabilit\u00e9 : les s\u00e9minaires Neuro-Connect sont enregistr\u00e9s. En y participant, vous autorisez la capture et l&rsquo;utilisation \u00e9ventuelles de votre image ou de votre voix dans des enregistrements audiovisuels r\u00e9alis\u00e9s au cours de l&rsquo;\u00e9v\u00e9nement.<\/p>\n","protected":false},"author":4,"featured_media":3434,"template":"","meta":{"_acf_changed":false,"inline_featured_image":false},"event_types":[44],"class_list":["post-3435","events","type-events","status-publish","has-post-thumbnail","hentry","event_types-conference-fr"],"acf":[],"yoast_head":"<!-- This site is optimized with the Yoast SEO plugin v27.3 - https:\/\/yoast.com\/product\/yoast-seo-wordpress\/ -->\n<title>NEURO-CONNECT Tuesday Seminar - April 15th, 12:15 - 13:15 pm - Campus Biotech<\/title>\n<meta name=\"robots\" content=\"index, follow, max-snippet:-1, max-image-preview:large, max-video-preview:-1\" \/>\n<link rel=\"canonical\" href=\"https:\/\/campusbiotech.ch\/fr\/events\/neuro-connect-tuesday-seminar-april-15th-1215-1315-pm\/\" \/>\n<meta property=\"og:locale\" content=\"fr_FR\" \/>\n<meta property=\"og:type\" content=\"article\" \/>\n<meta property=\"og:title\" content=\"NEURO-CONNECT Tuesday Seminar - April 15th, 12:15 - 13:15 pm - Campus Biotech\" \/>\n<meta property=\"og:description\" content=\"Bonjour \u00e0 tous et \u00e0 toutes, Vous \u00eates cordialement invit\u00e9s au prochain s\u00e9minaire NEURO-Connect, qui aura lieu le 15 avril \u00e0 12h15 au Campus Biotech. Les s\u00e9minaires NEURO-Connect visent \u00e0 pr\u00e9senter les diff\u00e9rents domaines de la communaut\u00e9 neuroscientifique du Campus Biotech, allant de la cognition et des \u00e9motions \u00e0 la neurobiologie et \u00e0 la neuroing\u00e9nierie, [&hellip;]\" \/>\n<meta property=\"og:url\" content=\"https:\/\/campusbiotech.ch\/fr\/events\/neuro-connect-tuesday-seminar-april-15th-1215-1315-pm\/\" \/>\n<meta property=\"og:site_name\" content=\"Campus Biotech\" \/>\n<meta property=\"article:modified_time\" content=\"2025-04-02T08:58:26+00:00\" \/>\n<meta property=\"og:image\" content=\"https:\/\/campusbiotech.ch\/wp-content\/uploads\/2025\/04\/F3aqzaf_250227_Affiche_Communication_ODoherty_APR.png\" \/>\n\t<meta property=\"og:image:width\" content=\"1920\" \/>\n\t<meta property=\"og:image:height\" content=\"1080\" \/>\n\t<meta property=\"og:image:type\" content=\"image\/png\" \/>\n<meta name=\"twitter:card\" content=\"summary_large_image\" \/>\n<meta name=\"twitter:label1\" content=\"Est. reading time\" \/>\n\t<meta name=\"twitter:data1\" content=\"4 minutes\" \/>\n<script type=\"application\/ld+json\" class=\"yoast-schema-graph\">{\"@context\":\"https:\\\/\\\/schema.org\",\"@graph\":[{\"@type\":\"WebPage\",\"@id\":\"https:\\\/\\\/campusbiotech.ch\\\/fr\\\/events\\\/neuro-connect-tuesday-seminar-april-15th-1215-1315-pm\\\/\",\"url\":\"https:\\\/\\\/campusbiotech.ch\\\/fr\\\/events\\\/neuro-connect-tuesday-seminar-april-15th-1215-1315-pm\\\/\",\"name\":\"NEURO-CONNECT Tuesday Seminar - April 15th, 12:15 - 13:15 pm - Campus Biotech\",\"isPartOf\":{\"@id\":\"https:\\\/\\\/campusbiotech.ch\\\/#website\"},\"primaryImageOfPage\":{\"@id\":\"https:\\\/\\\/campusbiotech.ch\\\/fr\\\/events\\\/neuro-connect-tuesday-seminar-april-15th-1215-1315-pm\\\/#primaryimage\"},\"image\":{\"@id\":\"https:\\\/\\\/campusbiotech.ch\\\/fr\\\/events\\\/neuro-connect-tuesday-seminar-april-15th-1215-1315-pm\\\/#primaryimage\"},\"thumbnailUrl\":\"https:\\\/\\\/campusbiotech.ch\\\/wp-content\\\/uploads\\\/2025\\\/04\\\/F3aqzaf_250227_Affiche_Communication_ODoherty_APR.png\",\"datePublished\":\"2025-04-02T08:56:59+00:00\",\"dateModified\":\"2025-04-02T08:58:26+00:00\",\"breadcrumb\":{\"@id\":\"https:\\\/\\\/campusbiotech.ch\\\/fr\\\/events\\\/neuro-connect-tuesday-seminar-april-15th-1215-1315-pm\\\/#breadcrumb\"},\"inLanguage\":\"fr-FR\",\"potentialAction\":[{\"@type\":\"ReadAction\",\"target\":[\"https:\\\/\\\/campusbiotech.ch\\\/fr\\\/events\\\/neuro-connect-tuesday-seminar-april-15th-1215-1315-pm\\\/\"]}]},{\"@type\":\"ImageObject\",\"inLanguage\":\"fr-FR\",\"@id\":\"https:\\\/\\\/campusbiotech.ch\\\/fr\\\/events\\\/neuro-connect-tuesday-seminar-april-15th-1215-1315-pm\\\/#primaryimage\",\"url\":\"https:\\\/\\\/campusbiotech.ch\\\/wp-content\\\/uploads\\\/2025\\\/04\\\/F3aqzaf_250227_Affiche_Communication_ODoherty_APR.png\",\"contentUrl\":\"https:\\\/\\\/campusbiotech.ch\\\/wp-content\\\/uploads\\\/2025\\\/04\\\/F3aqzaf_250227_Affiche_Communication_ODoherty_APR.png\",\"width\":1920,\"height\":1080},{\"@type\":\"BreadcrumbList\",\"@id\":\"https:\\\/\\\/campusbiotech.ch\\\/fr\\\/events\\\/neuro-connect-tuesday-seminar-april-15th-1215-1315-pm\\\/#breadcrumb\",\"itemListElement\":[{\"@type\":\"ListItem\",\"position\":1,\"name\":\"Home\",\"item\":\"https:\\\/\\\/campusbiotech.ch\\\/fr\\\/\"},{\"@type\":\"ListItem\",\"position\":2,\"name\":\"Events\",\"item\":\"https:\\\/\\\/campusbiotech.ch\\\/events\\\/\"},{\"@type\":\"ListItem\",\"position\":3,\"name\":\"NEURO-CONNECT Tuesday Seminar &#8211; April 15th, 12:15 &#8211; 13:15 pm\"}]},{\"@type\":\"WebSite\",\"@id\":\"https:\\\/\\\/campusbiotech.ch\\\/#website\",\"url\":\"https:\\\/\\\/campusbiotech.ch\\\/\",\"name\":\"Campus Biotech\",\"description\":\"Where Science meets Life\",\"potentialAction\":[{\"@type\":\"SearchAction\",\"target\":{\"@type\":\"EntryPoint\",\"urlTemplate\":\"https:\\\/\\\/campusbiotech.ch\\\/?s={search_term_string}\"},\"query-input\":{\"@type\":\"PropertyValueSpecification\",\"valueRequired\":true,\"valueName\":\"search_term_string\"}}],\"inLanguage\":\"fr-FR\"}]}<\/script>\n<!-- \/ Yoast SEO plugin. -->","yoast_head_json":{"title":"NEURO-CONNECT Tuesday Seminar - April 15th, 12:15 - 13:15 pm - Campus Biotech","robots":{"index":"index","follow":"follow","max-snippet":"max-snippet:-1","max-image-preview":"max-image-preview:large","max-video-preview":"max-video-preview:-1"},"canonical":"https:\/\/campusbiotech.ch\/fr\/events\/neuro-connect-tuesday-seminar-april-15th-1215-1315-pm\/","og_locale":"fr_FR","og_type":"article","og_title":"NEURO-CONNECT Tuesday Seminar - April 15th, 12:15 - 13:15 pm - Campus Biotech","og_description":"Bonjour \u00e0 tous et \u00e0 toutes, Vous \u00eates cordialement invit\u00e9s au prochain s\u00e9minaire NEURO-Connect, qui aura lieu le 15 avril \u00e0 12h15 au Campus Biotech. Les s\u00e9minaires NEURO-Connect visent \u00e0 pr\u00e9senter les diff\u00e9rents domaines de la communaut\u00e9 neuroscientifique du Campus Biotech, allant de la cognition et des \u00e9motions \u00e0 la neurobiologie et \u00e0 la neuroing\u00e9nierie, [&hellip;]","og_url":"https:\/\/campusbiotech.ch\/fr\/events\/neuro-connect-tuesday-seminar-april-15th-1215-1315-pm\/","og_site_name":"Campus Biotech","article_modified_time":"2025-04-02T08:58:26+00:00","og_image":[{"width":1920,"height":1080,"url":"https:\/\/campusbiotech.ch\/wp-content\/uploads\/2025\/04\/F3aqzaf_250227_Affiche_Communication_ODoherty_APR.png","type":"image\/png"}],"twitter_card":"summary_large_image","twitter_misc":{"Est. reading time":"4 minutes"},"schema":{"@context":"https:\/\/schema.org","@graph":[{"@type":"WebPage","@id":"https:\/\/campusbiotech.ch\/fr\/events\/neuro-connect-tuesday-seminar-april-15th-1215-1315-pm\/","url":"https:\/\/campusbiotech.ch\/fr\/events\/neuro-connect-tuesday-seminar-april-15th-1215-1315-pm\/","name":"NEURO-CONNECT Tuesday Seminar - April 15th, 12:15 - 13:15 pm - Campus Biotech","isPartOf":{"@id":"https:\/\/campusbiotech.ch\/#website"},"primaryImageOfPage":{"@id":"https:\/\/campusbiotech.ch\/fr\/events\/neuro-connect-tuesday-seminar-april-15th-1215-1315-pm\/#primaryimage"},"image":{"@id":"https:\/\/campusbiotech.ch\/fr\/events\/neuro-connect-tuesday-seminar-april-15th-1215-1315-pm\/#primaryimage"},"thumbnailUrl":"https:\/\/campusbiotech.ch\/wp-content\/uploads\/2025\/04\/F3aqzaf_250227_Affiche_Communication_ODoherty_APR.png","datePublished":"2025-04-02T08:56:59+00:00","dateModified":"2025-04-02T08:58:26+00:00","breadcrumb":{"@id":"https:\/\/campusbiotech.ch\/fr\/events\/neuro-connect-tuesday-seminar-april-15th-1215-1315-pm\/#breadcrumb"},"inLanguage":"fr-FR","potentialAction":[{"@type":"ReadAction","target":["https:\/\/campusbiotech.ch\/fr\/events\/neuro-connect-tuesday-seminar-april-15th-1215-1315-pm\/"]}]},{"@type":"ImageObject","inLanguage":"fr-FR","@id":"https:\/\/campusbiotech.ch\/fr\/events\/neuro-connect-tuesday-seminar-april-15th-1215-1315-pm\/#primaryimage","url":"https:\/\/campusbiotech.ch\/wp-content\/uploads\/2025\/04\/F3aqzaf_250227_Affiche_Communication_ODoherty_APR.png","contentUrl":"https:\/\/campusbiotech.ch\/wp-content\/uploads\/2025\/04\/F3aqzaf_250227_Affiche_Communication_ODoherty_APR.png","width":1920,"height":1080},{"@type":"BreadcrumbList","@id":"https:\/\/campusbiotech.ch\/fr\/events\/neuro-connect-tuesday-seminar-april-15th-1215-1315-pm\/#breadcrumb","itemListElement":[{"@type":"ListItem","position":1,"name":"Home","item":"https:\/\/campusbiotech.ch\/fr\/"},{"@type":"ListItem","position":2,"name":"Events","item":"https:\/\/campusbiotech.ch\/events\/"},{"@type":"ListItem","position":3,"name":"NEURO-CONNECT Tuesday Seminar &#8211; April 15th, 12:15 &#8211; 13:15 pm"}]},{"@type":"WebSite","@id":"https:\/\/campusbiotech.ch\/#website","url":"https:\/\/campusbiotech.ch\/","name":"Campus Biotech","description":"Where Science meets Life","potentialAction":[{"@type":"SearchAction","target":{"@type":"EntryPoint","urlTemplate":"https:\/\/campusbiotech.ch\/?s={search_term_string}"},"query-input":{"@type":"PropertyValueSpecification","valueRequired":true,"valueName":"search_term_string"}}],"inLanguage":"fr-FR"}]}},"_links":{"self":[{"href":"https:\/\/campusbiotech.ch\/fr\/wp-json\/wp\/v2\/events\/3435","targetHints":{"allow":["GET"]}}],"collection":[{"href":"https:\/\/campusbiotech.ch\/fr\/wp-json\/wp\/v2\/events"}],"about":[{"href":"https:\/\/campusbiotech.ch\/fr\/wp-json\/wp\/v2\/types\/events"}],"author":[{"embeddable":true,"href":"https:\/\/campusbiotech.ch\/fr\/wp-json\/wp\/v2\/users\/4"}],"wp:featuredmedia":[{"embeddable":true,"href":"https:\/\/campusbiotech.ch\/fr\/wp-json\/wp\/v2\/media\/3434"}],"wp:attachment":[{"href":"https:\/\/campusbiotech.ch\/fr\/wp-json\/wp\/v2\/media?parent=3435"}],"wp:term":[{"taxonomy":"event_types","embeddable":true,"href":"https:\/\/campusbiotech.ch\/fr\/wp-json\/wp\/v2\/event_types?post=3435"}],"curies":[{"name":"wp","href":"https:\/\/api.w.org\/{rel}","templated":true}]}}